{"id":244994,"date":"2022-09-16T10:22:51","date_gmt":"2022-09-16T08:22:51","guid":{"rendered":"https:\/\/quemperven.fr\/site\/?page_id=244994"},"modified":"2022-09-16T13:28:04","modified_gmt":"2022-09-16T11:28:04","slug":"plu","status":"publish","type":"page","link":"https:\/\/quemperven.fr\/site\/accueil-mairie\/la-commune\/plu\/","title":{"rendered":"PLU"},"content":{"rendered":"\t\t<div data-elementor-type=\"wp-page\" data-elementor-id=\"244994\" class=\"elementor elementor-244994\" data-elementor-post-type=\"page\">\n\t\t\t\t\t\t<section class=\"elementor-section elementor-top-section elementor-element elementor-element-8d793c6 elementor-section-boxed elementor-section-height-default elementor-section-height-default\" data-id=\"8d793c6\" data-element_type=\"section\" data-e-type=\"section\">\n\t\t\t\t\t\t<div class=\"elementor-container elementor-column-gap-default\">\n\t\t\t\t\t<div class=\"elementor-column elementor-col-100 elementor-top-column elementor-element elementor-element-c97f99b\" data-id=\"c97f99b\" data-element_type=\"column\" data-e-type=\"column\">\n\t\t\t<div class=\"elementor-widget-wrap elementor-element-populated\">\n\t\t\t\t\t\t<div class=\"elementor-element elementor-element-f6b796a elementor-widget elementor-widget-heading\" data-id=\"f6b796a\" data-element_type=\"widget\" data-e-type=\"widget\" data-widget_type=\"heading.default\">\n\t\t\t\t<div class=\"elementor-widget-container\">\n\t\t\t\t\t<h2 class=\"elementor-heading-title elementor-size-default\">PLU de la commune de Quemperven<\/h2>\t\t\t\t<\/div>\n\t\t\t\t<\/div>\n\t\t\t\t<div class=\"elementor-element elementor-element-4f6daa4 elementor-widget-divider--view-line elementor-widget elementor-widget-divider\" data-id=\"4f6daa4\" data-element_type=\"widget\" data-e-type=\"widget\" data-widget_type=\"divider.default\">\n\t\t\t\t<div class=\"elementor-widget-container\">\n\t\t\t\t\t\t\t<div class=\"elementor-divider\">\n\t\t\t<span class=\"elementor-divider-separator\">\n\t\t\t\t\t\t<\/span>\n\t\t<\/div>\n\t\t\t\t\t\t<\/div>\n\t\t\t\t<\/div>\n\t\t\t\t\t<\/div>\n\t\t<\/div>\n\t\t\t\t\t<\/div>\n\t\t<\/section>\n\t\t\t\t<section class=\"elementor-section elementor-top-section elementor-element elementor-element-c5e8f1d elementor-section-boxed elementor-section-height-default elementor-section-height-default\" data-id=\"c5e8f1d\" data-element_type=\"section\" data-e-type=\"section\">\n\t\t\t\t\t\t<div class=\"elementor-container elementor-column-gap-default\">\n\t\t\t\t\t<div class=\"elementor-column elementor-col-66 elementor-top-column elementor-element elementor-element-c2835b9\" data-id=\"c2835b9\" data-element_type=\"column\" data-e-type=\"column\">\n\t\t\t<div class=\"elementor-widget-wrap elementor-element-populated\">\n\t\t\t\t\t\t<div class=\"elementor-element elementor-element-8b8b708 elementor-widget elementor-widget-text-editor\" data-id=\"8b8b708\" data-element_type=\"widget\" data-e-type=\"widget\" data-widget_type=\"text-editor.default\">\n\t\t\t\t<div class=\"elementor-widget-container\">\n\t\t\t\t\t\t\t\t\t<p><em>La commune de Quemperven a d\u00e9cid\u00e9 en 2008, l\u2019\u00e9laboration d\u2019un Plan Local d\u2019Urbanisme (PLU). <\/em><\/p><p><strong>Qu\u2019est ce qu\u2019un P.L.U\u00a0?\u00a0<\/strong><\/p>\t\t\t\t\t\t\t\t<\/div>\n\t\t\t\t<\/div>\n\t\t\t\t<div class=\"elementor-element elementor-element-a37cb2b elementor-widget elementor-widget-text-editor\" data-id=\"a37cb2b\" data-element_type=\"widget\" data-e-type=\"widget\" data-widget_type=\"text-editor.default\">\n\t\t\t\t<div class=\"elementor-widget-container\">\n\t\t\t\t\t\t\t\t\t<p>Le PLAN LOCAL D\u2019URBANISME, ou P.L.U., est un document d\u2019urbanisme r\u00e9glementaire qui d\u00e9\ufb01nit tr\u00e8s pr\u00e9cis\u00e9ment le droit \u00e0 b\u00e2tir de chaque parcelle\u00a0:<\/p><ul><li>Est-elle constructible ?<\/li><li>Pour accueillir quelles fonctions ?<\/li><li>Selon quelles r\u00e8gles architecturales ?<\/li><\/ul>\t\t\t\t\t\t\t\t<\/div>\n\t\t\t\t<\/div>\n\t\t\t\t<div class=\"elementor-element elementor-element-6f233a8 elementor-widget elementor-widget-text-editor\" data-id=\"6f233a8\" data-element_type=\"widget\" data-e-type=\"widget\" data-widget_type=\"text-editor.default\">\n\t\t\t\t<div class=\"elementor-widget-container\">\n\t\t\t\t\t\t\t\t\t<p>Mais le P.L.U. n\u2019est pas seulement un outil de gestion du droit des sols, il constitue aussi, notamment par le biais du Projet d\u2019Am\u00e9nagement et de D\u00e9veloppement Durable (P.A.D.D.), un moyen d\u2019application d\u2019une politique de plani\ufb01cation urbaine plus coh\u00e9rente, plus solidaire et soucieuse du d\u00e9veloppement durable.<\/p><p>Selon l\u2019article L121-1 du Code de l\u2019Urbanisme, le P.L.U. doit assurer :<\/p><p>\u00ab 1\u00b0 L&rsquo;\u00e9quilibre entre le renouvellement urbain, un d\u00e9veloppement urbain ma\u00eetris\u00e9, le d\u00e9veloppement de l&rsquo;espace rural, d&rsquo;une part, et la pr\u00e9servation des espaces affect\u00e9s aux activit\u00e9s agricoles et foresti\u00e8res et la protection des espaces naturels et des paysages, d&rsquo;autre part, en respectant les objectifs du d\u00e9veloppement durable ;<\/p><p>2\u00b0 La diversit\u00e9 des fonctions urbaines et la mixit\u00e9 sociale dans l&rsquo;habitat urbain et dans l&rsquo;habitat rural, en pr\u00e9voyant des capacit\u00e9s de construction et de r\u00e9habilitation suf\ufb01santes pour la satisfaction, sans discrimination, des besoins pr\u00e9sents et futurs en mati\u00e8re d&rsquo;habitat, d&rsquo;activit\u00e9s \u00e9conomiques, notamment commerciales, d&rsquo;activit\u00e9s sportives ou culturelles et d&rsquo;int\u00e9r\u00eat g\u00e9n\u00e9ral ainsi que d&rsquo;\u00e9quipements publics, en tenant compte en particulier de l&rsquo;\u00e9quilibre entre emploi et habitat, de la diversit\u00e9 commerciale et de la pr\u00e9servation des commerces de d\u00e9tail et de proximit\u00e9 ainsi que des moyens de transport et de la gestion des eaux ;<\/p><p>3\u00b0 Une utilisation \u00e9conome et \u00e9quilibr\u00e9e des espaces naturels, urbains, p\u00e9riurbains et ruraux, la ma\u00eetrise des besoins de d\u00e9placement et de la circulation automobile, la pr\u00e9servation de la qualit\u00e9 de l&rsquo;air, de l&rsquo;eau, du sol et du sous-sol, des \u00e9cosyst\u00e8mes, des espaces verts, des milieux, sites et paysages naturels ou urbains, la r\u00e9duction des nuisances sonores, la sauvegarde des ensembles urbains remarquables et du patrimoine b\u00e2ti, la pr\u00e9vention des risques naturels pr\u00e9visibles, des risques technologiques, des pollutions et des nuisances de toute nature. \u00bb<\/p><p>Le P.L.U. va donc bien au-del\u00e0 de la simple d\u00e9livrance du permis de construire. C\u2019est le document de r\u00e9f\u00e9rence de toutes les actions et op\u00e9rations d\u2019am\u00e9nagement engag\u00e9es sur la commune. Il doit pr\u00e9server la qualit\u00e9 de notre cadre de vie pour le transmettre aux g\u00e9n\u00e9rations futures.<\/p><p>Le choix des zones constructibles<\/p><p>S\u2019il revient aux \u00e9lus de d\u00e9signer les terrains les plus favorables au d\u00e9veloppement de l\u2019habitat, ce choix s\u2019inscrit dans un cadre tr\u00e8s pr\u00e9cis, conform\u00e9ment \u00e0 la l\u00e9gislation et \u00e0 son interpr\u00e9tation par les personnes publiques associ\u00e9es \u00e0 l\u2019\u00e9laboration du P.L.U. de Quemperven (Etat, R\u00e9gion, D\u00e9partement, Chambres consulaires, SCOT du Tr\u00e9gor, etc.,) :<\/p><p>Ainsi, la surface totale des terrains constructibles pour l\u2019habitat ne devra pas exc\u00e9der les besoins estim\u00e9s pour les 10 prochaines ann\u00e9es, en lien avec l\u2019\u00e9volution de la construction neuve observ\u00e9e ces derni\u00e8res ann\u00e9es.<\/p><p>De la m\u00eame fa\u00e7on et dans un objectif un d\u00e9veloppement durable des territoires, seul le d\u00e9veloppement de p\u00f4les d\u2019habitat les plus cons\u00e9quents pourra \u00eatre envisag\u00e9. Il est en effet essentiel de limiter la consommation d\u2019espaces agricoles et naturels et l\u2019\u00e9parpillement des habitations en campagne a\ufb01n notamment d\u2019assurer de bonnes conditions de travail au monde agricole, de limiter les d\u00e9placements et de rassembler la population \u00e0 proximit\u00e9 des \u00e9quipements et commerces.<\/p><p>L&rsquo;\u00e9laboration d\u2019un PLU est une proc\u00e9dure relativement longue qui dure g\u00e9n\u00e9ralement deux ans.<\/p>\t\t\t\t\t\t\t\t<\/div>\n\t\t\t\t<\/div>\n\t\t\t\t\t<\/div>\n\t\t<\/div>\n\t\t\t\t<div class=\"elementor-column elementor-col-33 elementor-top-column elementor-element elementor-element-0e40226\" data-id=\"0e40226\" data-element_type=\"column\" data-e-type=\"column\" data-settings=\"{&quot;background_background&quot;:&quot;classic&quot;}\">\n\t\t\t<div class=\"elementor-widget-wrap elementor-element-populated\">\n\t\t\t\t\t\t<div class=\"elementor-element elementor-element-73a2ba4 elementor-widget elementor-widget-text-editor\" data-id=\"73a2ba4\" data-element_type=\"widget\" data-e-type=\"widget\" data-widget_type=\"text-editor.default\">\n\t\t\t\t<div class=\"elementor-widget-container\">\n\t\t\t\t\t\t\t\t\t<p><strong>Le Plan Local d&rsquo;Urbanisme \u00e9labor\u00e9 par le conseil municipal est maintenant adopt\u00e9.<\/strong><\/p><p><span style=\"text-decoration: underline;\">Six documents le d\u00e9finissent.<\/span><\/p>\t\t\t\t\t\t\t\t<\/div>\n\t\t\t\t<\/div>\n\t\t\t\t<div class=\"elementor-element elementor-element-b682f0c elementor-align-center elementor-widget elementor-widget-button\" data-id=\"b682f0c\" data-element_type=\"widget\" data-e-type=\"widget\" data-widget_type=\"button.default\">\n\t\t\t\t<div class=\"elementor-widget-container\">\n\t\t\t\t\t\t\t\t\t<div class=\"elementor-button-wrapper\">\n\t\t\t\t\t<a class=\"elementor-button elementor-button-link elementor-size-sm\" href=\"https:\/\/quemperven.fr\/site\/wp-content\/uploads\/2022\/09\/litteral.pdf\" target=\"_blank\">\n\t\t\t\t\t\t<span class=\"elementor-button-content-wrapper\">\n\t\t\t\t\t\t\t\t\t<span class=\"elementor-button-text\">Le r\u00e8glement litt\u00e9ral<\/span>\n\t\t\t\t\t<\/span>\n\t\t\t\t\t<\/a>\n\t\t\t\t<\/div>\n\t\t\t\t\t\t\t\t<\/div>\n\t\t\t\t<\/div>\n\t\t\t\t<div class=\"elementor-element elementor-element-9e9e641 elementor-align-center elementor-widget elementor-widget-button\" data-id=\"9e9e641\" data-element_type=\"widget\" data-e-type=\"widget\" data-widget_type=\"button.default\">\n\t\t\t\t<div class=\"elementor-widget-container\">\n\t\t\t\t\t\t\t\t\t<div class=\"elementor-button-wrapper\">\n\t\t\t\t\t<a class=\"elementor-button elementor-button-link elementor-size-sm\" href=\"https:\/\/quemperven.fr\/site\/wp-content\/uploads\/2022\/09\/plu_graph1.pdf\" target=\"_blank\">\n\t\t\t\t\t\t<span class=\"elementor-button-content-wrapper\">\n\t\t\t\t\t\t\t\t\t<span class=\"elementor-button-text\">Le r\u00e8glement graphique 1<\/span>\n\t\t\t\t\t<\/span>\n\t\t\t\t\t<\/a>\n\t\t\t\t<\/div>\n\t\t\t\t\t\t\t\t<\/div>\n\t\t\t\t<\/div>\n\t\t\t\t<div class=\"elementor-element elementor-element-462ed10 elementor-align-center elementor-widget elementor-widget-button\" data-id=\"462ed10\" data-element_type=\"widget\" data-e-type=\"widget\" data-widget_type=\"button.default\">\n\t\t\t\t<div class=\"elementor-widget-container\">\n\t\t\t\t\t\t\t\t\t<div class=\"elementor-button-wrapper\">\n\t\t\t\t\t<a class=\"elementor-button elementor-button-link elementor-size-sm\" href=\"https:\/\/quemperven.fr\/site\/wp-content\/uploads\/2022\/09\/plu_graph2.pdf\" target=\"_blank\">\n\t\t\t\t\t\t<span class=\"elementor-button-content-wrapper\">\n\t\t\t\t\t\t\t\t\t<span class=\"elementor-button-text\">Le r\u00e8glement graphique 2<\/span>\n\t\t\t\t\t<\/span>\n\t\t\t\t\t<\/a>\n\t\t\t\t<\/div>\n\t\t\t\t\t\t\t\t<\/div>\n\t\t\t\t<\/div>\n\t\t\t\t<div class=\"elementor-element elementor-element-fc5e2a8 elementor-align-center elementor-widget elementor-widget-button\" data-id=\"fc5e2a8\" data-element_type=\"widget\" data-e-type=\"widget\" data-widget_type=\"button.default\">\n\t\t\t\t<div class=\"elementor-widget-container\">\n\t\t\t\t\t\t\t\t\t<div class=\"elementor-button-wrapper\">\n\t\t\t\t\t<a class=\"elementor-button elementor-button-link elementor-size-sm\" href=\"https:\/\/quemperven.fr\/site\/wp-content\/uploads\/2022\/09\/plu_invasives.pdf\" target=\"_blank\">\n\t\t\t\t\t\t<span class=\"elementor-button-content-wrapper\">\n\t\t\t\t\t\t\t\t\t<span class=\"elementor-button-text\">Les plantes invasives<\/span>\n\t\t\t\t\t<\/span>\n\t\t\t\t\t<\/a>\n\t\t\t\t<\/div>\n\t\t\t\t\t\t\t\t<\/div>\n\t\t\t\t<\/div>\n\t\t\t\t<div class=\"elementor-element elementor-element-cbcae87 elementor-align-center elementor-widget elementor-widget-button\" data-id=\"cbcae87\" data-element_type=\"widget\" data-e-type=\"widget\" data-widget_type=\"button.default\">\n\t\t\t\t<div class=\"elementor-widget-container\">\n\t\t\t\t\t\t\t\t\t<div class=\"elementor-button-wrapper\">\n\t\t\t\t\t<a class=\"elementor-button elementor-button-link elementor-size-sm\" href=\"https:\/\/quemperven.fr\/site\/wp-content\/uploads\/2022\/09\/InventaireZonesHumides.pdf\" target=\"_blank\">\n\t\t\t\t\t\t<span class=\"elementor-button-content-wrapper\">\n\t\t\t\t\t\t\t\t\t<span class=\"elementor-button-text\">L'inventaire des zones humides<\/span>\n\t\t\t\t\t<\/span>\n\t\t\t\t\t<\/a>\n\t\t\t\t<\/div>\n\t\t\t\t\t\t\t\t<\/div>\n\t\t\t\t<\/div>\n\t\t\t\t<div class=\"elementor-element elementor-element-34b6f56 elementor-align-center elementor-widget elementor-widget-button\" data-id=\"34b6f56\" data-element_type=\"widget\" data-e-type=\"widget\" data-widget_type=\"button.default\">\n\t\t\t\t<div class=\"elementor-widget-container\">\n\t\t\t\t\t\t\t\t\t<div class=\"elementor-button-wrapper\">\n\t\t\t\t\t<a class=\"elementor-button elementor-button-link elementor-size-sm\" href=\"https:\/\/quemperven.fr\/site\/wp-content\/uploads\/2022\/09\/PlanProtectionPaysagere.pdf\" target=\"_blank\">\n\t\t\t\t\t\t<span class=\"elementor-button-content-wrapper\">\n\t\t\t\t\t\t\t\t\t<span class=\"elementor-button-text\">Le plan de protection paysag\u00e8re<\/span>\n\t\t\t\t\t<\/span>\n\t\t\t\t\t<\/a>\n\t\t\t\t<\/div>\n\t\t\t\t\t\t\t\t<\/div>\n\t\t\t\t<\/div>\n\t\t\t\t\t<\/div>\n\t\t<\/div>\n\t\t\t\t\t<\/div>\n\t\t<\/section>\n\t\t\t\t<section class=\"elementor-section elementor-top-section elementor-element elementor-element-670bec6f elementor-section-content-middle elementor-section-boxed elementor-section-height-default elementor-section-height-default\" data-id=\"670bec6f\" data-element_type=\"section\" data-e-type=\"section\" data-settings=\"{&quot;background_background&quot;:&quot;classic&quot;,&quot;shape_divider_top&quot;:&quot;triangle&quot;}\">\n\t\t\t\t\t<div class=\"elementor-shape elementor-shape-top\" aria-hidden=\"true\" data-negative=\"false\">\n\t\t\t<svg xmlns=\"http:\/\/www.w3.org\/2000\/svg\" viewBox=\"0 0 1000 100\" preserveAspectRatio=\"none\">\n\t<path class=\"elementor-shape-fill\" d=\"M500,98.9L0,6.1V0h1000v6.1L500,98.9z\"\/>\n<\/svg>\t\t<\/div>\n\t\t\t\t\t<div class=\"elementor-container elementor-column-gap-no\">\n\t\t\t\t\t<div class=\"elementor-column elementor-col-100 elementor-top-column elementor-element elementor-element-59d89518\" data-id=\"59d89518\" data-element_type=\"column\" data-e-type=\"column\">\n\t\t\t<div class=\"elementor-widget-wrap elementor-element-populated\">\n\t\t\t\t\t\t<section class=\"elementor-section elementor-inner-section elementor-element elementor-element-3e3d2d42 elementor-section-content-middle elementor-section-boxed elementor-section-height-default elementor-section-height-default\" data-id=\"3e3d2d42\" data-element_type=\"section\" data-e-type=\"section\">\n\t\t\t\t\t\t<div class=\"elementor-container elementor-column-gap-no\">\n\t\t\t\t\t<div class=\"elementor-column elementor-col-50 elementor-inner-column elementor-element elementor-element-3050acca\" data-id=\"3050acca\" data-element_type=\"column\" data-e-type=\"column\">\n\t\t\t<div class=\"elementor-widget-wrap elementor-element-populated\">\n\t\t\t\t\t\t<div class=\"elementor-element elementor-element-226bae7 elementor-widget elementor-widget-heading\" data-id=\"226bae7\" data-element_type=\"widget\" data-e-type=\"widget\" data-widget_type=\"heading.default\">\n\t\t\t\t<div class=\"elementor-widget-container\">\n\t\t\t\t\t<h2 class=\"elementor-heading-title elementor-size-default\">Contacter la mairie<\/h2>\t\t\t\t<\/div>\n\t\t\t\t<\/div>\n\t\t\t\t<div class=\"elementor-element elementor-element-0acbf57 elementor-widget elementor-widget-text-editor\" data-id=\"0acbf57\" data-element_type=\"widget\" data-e-type=\"widget\" data-widget_type=\"text-editor.default\">\n\t\t\t\t<div class=\"elementor-widget-container\">\n\t\t\t\t\t\t\t\t\t<p>Pour toute demande, n&rsquo;h\u00e9sitez pas \u00e0 utiliser le formulaire de contact.\u00a0<\/p>\t\t\t\t\t\t\t\t<\/div>\n\t\t\t\t<\/div>\n\t\t\t\t\t<\/div>\n\t\t<\/div>\n\t\t\t\t<div class=\"elementor-column elementor-col-50 elementor-inner-column elementor-element elementor-element-7f013b1a\" data-id=\"7f013b1a\" data-element_type=\"column\" data-e-type=\"column\">\n\t\t\t<div class=\"elementor-widget-wrap elementor-element-populated\">\n\t\t\t\t\t\t<div class=\"elementor-element elementor-element-67c574b elementor-button-align-start elementor-widget elementor-widget-form\" data-id=\"67c574b\" data-element_type=\"widget\" data-e-type=\"widget\" data-settings=\"{&quot;step_next_label&quot;:&quot;Suivant&quot;,&quot;step_previous_label&quot;:&quot;Pr\\u00e9c\\u00e9dent&quot;,&quot;button_width&quot;:&quot;100&quot;,&quot;step_type&quot;:&quot;number_text&quot;,&quot;step_icon_shape&quot;:&quot;circle&quot;}\" data-widget_type=\"form.default\">\n\t\t\t\t<div class=\"elementor-widget-container\">\n\t\t\t\t\t\t\t<form class=\"elementor-form\" method=\"post\" name=\"New Form\" aria-label=\"New Form\">\n\t\t\t<input type=\"hidden\" name=\"post_id\" value=\"244994\"\/>\n\t\t\t<input type=\"hidden\" name=\"form_id\" value=\"67c574b\"\/>\n\t\t\t<input type=\"hidden\" name=\"referer_title\" value=\"\" \/>\n\n\t\t\t\n\t\t\t<div class=\"elementor-form-fields-wrapper elementor-labels-\">\n\t\t\t\t\t\t\t\t<div class=\"elementor-field-type-text elementor-field-group elementor-column elementor-field-group-name elementor-col-100\">\n\t\t\t\t\t\t\t\t\t\t\t\t<label for=\"form-field-name\" class=\"elementor-field-label elementor-screen-only\">\n\t\t\t\t\t\t\t\tName\t\t\t\t\t\t\t<\/label>\n\t\t\t\t\t\t\t\t\t\t\t\t\t\t<input size=\"1\" type=\"text\" name=\"form_fields[name]\" id=\"form-field-name\" class=\"elementor-field elementor-size-sm  elementor-field-textual\" placeholder=\"Nom\">\n\t\t\t\t\t\t\t\t\t\t\t<\/div>\n\t\t\t\t\t\t\t\t<div class=\"elementor-field-type-email elementor-field-group elementor-column elementor-field-group-email elementor-col-100 elementor-field-required\">\n\t\t\t\t\t\t\t\t\t\t\t\t<label for=\"form-field-email\" class=\"elementor-field-label elementor-screen-only\">\n\t\t\t\t\t\t\t\tEmail\t\t\t\t\t\t\t<\/label>\n\t\t\t\t\t\t\t\t\t\t\t\t\t\t<input size=\"1\" type=\"email\" name=\"form_fields[email]\" id=\"form-field-email\" class=\"elementor-field elementor-size-sm  elementor-field-textual\" placeholder=\"Adresse mail\" required=\"required\">\n\t\t\t\t\t\t\t\t\t\t\t<\/div>\n\t\t\t\t\t\t\t\t<div class=\"elementor-field-type-textarea elementor-field-group elementor-column elementor-field-group-message elementor-col-100\">\n\t\t\t\t\t\t\t\t\t\t\t\t<label for=\"form-field-message\" class=\"elementor-field-label elementor-screen-only\">\n\t\t\t\t\t\t\t\tMessage\t\t\t\t\t\t\t<\/label>\n\t\t\t\t\t\t<textarea class=\"elementor-field-textual elementor-field  elementor-size-sm\" name=\"form_fields[message]\" id=\"form-field-message\" rows=\"4\" placeholder=\"Message\"><\/textarea>\t\t\t\t<\/div>\n\t\t\t\t\t\t\t\t<div class=\"elementor-field-group elementor-column elementor-field-type-submit elementor-col-100 e-form__buttons\">\n\t\t\t\t\t<button class=\"elementor-button elementor-size-sm elementor-animation-grow\" type=\"submit\">\n\t\t\t\t\t\t<span class=\"elementor-button-content-wrapper\">\n\t\t\t\t\t\t\t\t\t\t\t\t\t\t\t\t\t\t\t\t\t\t<span class=\"elementor-button-text\">Envoi<\/span>\n\t\t\t\t\t\t\t\t\t\t\t\t\t<\/span>\n\t\t\t\t\t<\/button>\n\t\t\t\t<\/div>\n\t\t\t<\/div>\n\t\t<\/form>\n\t\t\t\t\t\t<\/div>\n\t\t\t\t<\/div>\n\t\t\t\t\t<\/div>\n\t\t<\/div>\n\t\t\t\t\t<\/div>\n\t\t<\/section>\n\t\t\t\t\t<\/div>\n\t\t<\/div>\n\t\t\t\t\t<\/div>\n\t\t<\/section>\n\t\t\t\t<\/div>\n\t\t","protected":false},"excerpt":{"rendered":"<p>PLU de la commune de Quemperven La commune de Quemperven a d\u00e9cid\u00e9 en 2008, l\u2019\u00e9laboration d\u2019un Plan Local d\u2019Urbanisme (PLU). Qu\u2019est ce qu\u2019un P.L.U\u00a0?\u00a0 Le PLAN LOCAL D\u2019URBANISME, ou P.L.U., est un document d\u2019urbanisme r\u00e9glementaire qui d\u00e9\ufb01nit tr\u00e8s pr\u00e9cis\u00e9ment le droit \u00e0 b\u00e2tir de chaque parcelle\u00a0: Est-elle constructible ? Pour accueillir quelles fonctions ? Selon [&hellip;]<\/p>\n","protected":false},"author":1,"featured_media":244922,"parent":245042,"menu_order":2,"comment_status":"closed","ping_status":"closed","template":"elementor_header_footer","meta":{"site-sidebar-layout":"default","site-content-layout":"","ast-site-content-layout":"default","site-content-style":"default","site-sidebar-style":"default","ast-global-header-display":"","ast-banner-title-visibility":"","ast-main-header-display":"","ast-hfb-above-header-display":"","ast-hfb-below-header-display":"","ast-hfb-mobile-header-display":"","site-post-title":"","ast-breadcrumbs-content":"","ast-featured-img":"","footer-sml-layout":"","ast-disable-related-posts":"","theme-transparent-header-meta":"","adv-header-id-meta":"","stick-header-meta":"","header-above-stick-meta":"","header-main-stick-meta":"","header-below-stick-meta":"","astra-migrate-meta-layouts":"default","ast-page-background-enabled":"default","ast-page-background-meta":{"desktop":{"background-color":"var(--ast-global-color-4)","background-image":"","background-repeat":"repeat","background-position":"center center","background-size":"auto","background-attachment":"scroll","background-type":"","background-media":"","overlay-type":"","overlay-color":"","overlay-opacity":"","overlay-gradient":""},"tablet":{"background-color":"","background-image":"","background-repeat":"repeat","background-position":"center center","background-size":"auto","background-attachment":"scroll","background-type":"","background-media":"","overlay-type":"","overlay-color":"","overlay-opacity":"","overlay-gradient":""},"mobile":{"background-color":"","background-image":"","background-repeat":"repeat","background-position":"center center","background-size":"auto","background-attachment":"scroll","background-type":"","background-media":"","overlay-type":"","overlay-color":"","overlay-opacity":"","overlay-gradient":""}},"ast-content-background-meta":{"desktop":{"background-color":"var(--ast-global-color-5)","background-image":"","background-repeat":"repeat","background-position":"center center","background-size":"auto","background-attachment":"scroll","background-type":"","background-media":"","overlay-type":"","overlay-color":"","overlay-opacity":"","overlay-gradient":""},"tablet":{"background-color":"var(--ast-global-color-5)","background-image":"","background-repeat":"repeat","background-position":"center center","background-size":"auto","background-attachment":"scroll","background-type":"","background-media":"","overlay-type":"","overlay-color":"","overlay-opacity":"","overlay-gradient":""},"mobile":{"background-color":"var(--ast-global-color-5)","background-image":"","background-repeat":"repeat","background-position":"center center","background-size":"auto","background-attachment":"scroll","background-type":"","background-media":"","overlay-type":"","overlay-color":"","overlay-opacity":"","overlay-gradient":""}},"jetpack_post_was_ever_published":false,"footnotes":""},"class_list":["post-244994","page","type-page","status-publish","has-post-thumbnail","hentry"],"jetpack_sharing_enabled":true,"_links":{"self":[{"href":"https:\/\/quemperven.fr\/site\/wp-json\/wp\/v2\/pages\/244994","targetHints":{"allow":["GET"]}}],"collection":[{"href":"https:\/\/quemperven.fr\/site\/wp-json\/wp\/v2\/pages"}],"about":[{"href":"https:\/\/quemperven.fr\/site\/wp-json\/wp\/v2\/types\/page"}],"author":[{"embeddable":true,"href":"https:\/\/quemperven.fr\/site\/wp-json\/wp\/v2\/users\/1"}],"replies":[{"embeddable":true,"href":"https:\/\/quemperven.fr\/site\/wp-json\/wp\/v2\/comments?post=244994"}],"version-history":[{"count":0,"href":"https:\/\/quemperven.fr\/site\/wp-json\/wp\/v2\/pages\/244994\/revisions"}],"up":[{"embeddable":true,"href":"https:\/\/quemperven.fr\/site\/wp-json\/wp\/v2\/pages\/245042"}],"wp:featuredmedia":[{"embeddable":true,"href":"https:\/\/quemperven.fr\/site\/wp-json\/wp\/v2\/media\/244922"}],"wp:attachment":[{"href":"https:\/\/quemperven.fr\/site\/wp-json\/wp\/v2\/media?parent=244994"}],"curies":[{"name":"wp","href":"https:\/\/api.w.org\/{rel}","templated":true}]}}